{"id":31,"date":"2023-10-10T03:35:40","date_gmt":"2023-10-10T03:35:40","guid":{"rendered":"https:\/\/igrejacaminhosdavida.com.br\/?page_id=31"},"modified":"2023-12-08T19:38:13","modified_gmt":"2023-12-08T19:38:13","slug":"ministerios-de-jovens","status":"publish","type":"page","link":"https:\/\/igrejacaminhosdavida.com.br\/index.php\/ministerios-de-jovens\/","title":{"rendered":"Minist\u00e9rio de Jovens"},"content":{"rendered":"\t\t<div data-elementor-type=\"wp-page\" data-elementor-id=\"31\" class=\"elementor elementor-31\" data-elementor-post-type=\"page\">\n\t\t\t\t\t\t\t\t\t<section class=\"elementor-section elementor-top-section elementor-element elementor-element-428316d elementor-hidden-tablet elementor-hidden-mobile elementor-section-boxed elementor-section-height-default elementor-section-height-default\" data-id=\"428316d\" data-element_type=\"section\" data-settings=\"{&quot;background_background&quot;:&quot;classic&quot;,&quot;shape_divider_bottom&quot;:&quot;split&quot;,&quot;shape_divider_bottom_negative&quot;:&quot;yes&quot;}\">\n\t\t\t\t\t\t\t<div class=\"elementor-background-overlay\"><\/div>\n\t\t\t\t\t\t<div class=\"elementor-shape elementor-shape-bottom\" data-negative=\"true\">\n\t\t\t<svg xmlns=\"http:\/\/www.w3.org\/2000\/svg\" viewBox=\"0 0 1000 20\" preserveAspectRatio=\"none\">\n\t<path class=\"elementor-shape-fill\" d=\"M519.8,0.2c-11,0-19.8,8.5-19.8,19c0-10.4-8.8-19-19.8-19L0,0v20h1000V0.2H519.8z\"\/>\n<\/svg>\t\t<\/div>\n\t\t\t\t\t<div class=\"elementor-container elementor-column-gap-default\">\n\t\t\t\t\t<div class=\"elementor-column elementor-col-100 elementor-top-column elementor-element elementor-element-4a27ada\" data-id=\"4a27ada\" data-element_type=\"column\">\n\t\t\t<div class=\"elementor-widget-wrap elementor-element-populated\">\n\t\t\t\t\t\t\t\t<div class=\"elementor-element elementor-element-2ff4b24 elementor-widget elementor-widget-spacer\" data-id=\"2ff4b24\" data-element_type=\"widget\" data-widget_type=\"spacer.default\">\n\t\t\t\t<div class=\"elementor-widget-container\">\n\t\t\t<style>\/*! elementor - v3.17.0 - 08-11-2023 *\/\n.elementor-column .elementor-spacer-inner{height:var(--spacer-size)}.e-con{--container-widget-width:100%}.e-con-inner>.elementor-widget-spacer,.e-con>.elementor-widget-spacer{width:var(--container-widget-width,var(--spacer-size));--align-self:var(--container-widget-align-self,initial);--flex-shrink:0}.e-con-inner>.elementor-widget-spacer>.elementor-widget-container,.e-con>.elementor-widget-spacer>.elementor-widget-container{height:100%;width:100%}.e-con-inner>.elementor-widget-spacer>.elementor-widget-container>.elementor-spacer,.e-con>.elementor-widget-spacer>.elementor-widget-container>.elementor-spacer{height:100%}.e-con-inner>.elementor-widget-spacer>.elementor-widget-container>.elementor-spacer>.elementor-spacer-inner,.e-con>.elementor-widget-spacer>.elementor-widget-container>.elementor-spacer>.elementor-spacer-inner{height:var(--container-widget-height,var(--spacer-size))}.e-con-inner>.elementor-widget-spacer.elementor-widget-empty,.e-con>.elementor-widget-spacer.elementor-widget-empty{position:relative;min-height:22px;min-width:22px}.e-con-inner>.elementor-widget-spacer.elementor-widget-empty .elementor-widget-empty-icon,.e-con>.elementor-widget-spacer.elementor-widget-empty .elementor-widget-empty-icon{position:absolute;top:0;bottom:0;left:0;right:0;margin:auto;padding:0;width:22px;height:22px}<\/style>\t\t<div class=\"elementor-spacer\">\n\t\t\t<div class=\"elementor-spacer-inner\"><\/div>\n\t\t<\/div>\n\t\t\t\t<\/div>\n\t\t\t\t<\/div>\n\t\t\t\t<div class=\"elementor-element elementor-element-d0f7b16 elementor-icon-list--layout-inline elementor-align-center elementor-list-item-link-full_width elementor-widget elementor-widget-icon-list\" data-id=\"d0f7b16\" data-element_type=\"widget\" data-widget_type=\"icon-list.default\">\n\t\t\t\t<div class=\"elementor-widget-container\">\n\t\t\t<link rel=\"stylesheet\" href=\"https:\/\/igrejacaminhosdavida.com.br\/wp-content\/plugins\/elementor\/assets\/css\/widget-icon-list.min.css\">\t\t<ul class=\"elementor-icon-list-items elementor-inline-items\">\n\t\t\t\t\t\t\t<li class=\"elementor-icon-list-item elementor-inline-item\">\n\t\t\t\t\t\t\t\t\t\t\t<a href=\"https:\/\/igrejacaminhosdavida.com.br\/index.php\/agenda-mensal\/\">\n\n\t\t\t\t\t\t\t\t\t\t\t\t<span class=\"elementor-icon-list-icon\">\n\t\t\t\t\t\t\t<i aria-hidden=\"true\" class=\"fas fa-bible\"><\/i>\t\t\t\t\t\t<\/span>\n\t\t\t\t\t\t\t\t\t\t<span class=\"elementor-icon-list-text\">Minist\u00e9rios de Jovens - Avante com Cristo<\/span>\n\t\t\t\t\t\t\t\t\t\t\t<\/a>\n\t\t\t\t\t\t\t\t\t<\/li>\n\t\t\t\t\t\t<\/ul>\n\t\t\t\t<\/div>\n\t\t\t\t<\/div>\n\t\t\t\t<div class=\"elementor-element elementor-element-0452fff elementor-widget elementor-widget-text-editor\" data-id=\"0452fff\" data-element_type=\"widget\" data-widget_type=\"text-editor.default\">\n\t\t\t\t<div class=\"elementor-widget-container\">\n\t\t\t<style>\/*! elementor - v3.17.0 - 08-11-2023 *\/\n.elementor-widget-text-editor.elementor-drop-cap-view-stacked .elementor-drop-cap{background-color:#69727d;color:#fff}.elementor-widget-text-editor.elementor-drop-cap-view-framed .elementor-drop-cap{color:#69727d;border:3px solid;background-color:transparent}.elementor-widget-text-editor:not(.elementor-drop-cap-view-default) .elementor-drop-cap{margin-top:8px}.elementor-widget-text-editor:not(.elementor-drop-cap-view-default) .elementor-drop-cap-letter{width:1em;height:1em}.elementor-widget-text-editor .elementor-drop-cap{float:left;text-align:center;line-height:1;font-size:50px}.elementor-widget-text-editor .elementor-drop-cap-letter{display:inline-block}<\/style>\t\t\t\t<p>A Igreja <strong>Caminhos da Vida<\/strong> em Nova Olinda CE serve a Jesus e a comunidade da nossa cidade atrav\u00e9s dos seus minist\u00e9rios e projetos apresentados aqui&#8230;<\/p>\t\t\t\t\t\t<\/div>\n\t\t\t\t<\/div>\n\t\t\t\t<div class=\"elementor-element elementor-element-278797e elementor-widget elementor-widget-spacer\" data-id=\"278797e\" data-element_type=\"widget\" data-widget_type=\"spacer.default\">\n\t\t\t\t<div class=\"elementor-widget-container\">\n\t\t\t\t\t<div class=\"elementor-spacer\">\n\t\t\t<div class=\"elementor-spacer-inner\"><\/div>\n\t\t<\/div>\n\t\t\t\t<\/div>\n\t\t\t\t<\/div>\n\t\t\t\t<div class=\"elementor-element elementor-element-f47307a elementor-widget elementor-widget-spacer\" data-id=\"f47307a\" data-element_type=\"widget\" data-widget_type=\"spacer.default\">\n\t\t\t\t<div class=\"elementor-widget-container\">\n\t\t\t\t\t<div class=\"elementor-spacer\">\n\t\t\t<div class=\"elementor-spacer-inner\"><\/div>\n\t\t<\/div>\n\t\t\t\t<\/div>\n\t\t\t\t<\/div>\n\t\t\t\t\t<\/div>\n\t\t<\/div>\n\t\t\t\t\t\t\t<\/div>\n\t\t<\/section>\n\t\t\t\t<section class=\"elementor-section elementor-top-section elementor-element elementor-element-238a3bc elementor-hidden-tablet elementor-hidden-mobile elementor-section-boxed elementor-section-height-default elementor-section-height-default\" data-id=\"238a3bc\" data-element_type=\"section\">\n\t\t\t\t\t\t<div class=\"elementor-container elementor-column-gap-default\">\n\t\t\t\t\t<div class=\"elementor-column elementor-col-100 elementor-top-column elementor-element elementor-element-1349e26\" data-id=\"1349e26\" data-element_type=\"column\">\n\t\t\t<div class=\"elementor-widget-wrap elementor-element-populated\">\n\t\t\t\t\t\t\t\t<div class=\"elementor-element elementor-element-a3b814f elementor-widget elementor-widget-spacer\" data-id=\"a3b814f\" data-element_type=\"widget\" data-widget_type=\"spacer.default\">\n\t\t\t\t<div class=\"elementor-widget-container\">\n\t\t\t\t\t<div class=\"elementor-spacer\">\n\t\t\t<div class=\"elementor-spacer-inner\"><\/div>\n\t\t<\/div>\n\t\t\t\t<\/div>\n\t\t\t\t<\/div>\n\t\t\t\t<section class=\"elementor-section elementor-inner-section elementor-element elementor-element-a7c4780 elementor-section-boxed elementor-section-height-default elementor-section-height-default\" data-id=\"a7c4780\" data-element_type=\"section\">\n\t\t\t\t\t\t<div class=\"elementor-container elementor-column-gap-default\">\n\t\t\t\t\t<div class=\"elementor-column elementor-col-50 elementor-inner-column elementor-element elementor-element-127f470\" data-id=\"127f470\" data-element_type=\"column\">\n\t\t\t<div class=\"elementor-widget-wrap elementor-element-populated\">\n\t\t\t\t\t\t\t\t<div class=\"elementor-element elementor-element-4300690 elementor-widget elementor-widget-heading\" data-id=\"4300690\" data-element_type=\"widget\" data-widget_type=\"heading.default\">\n\t\t\t\t<div class=\"elementor-widget-container\">\n\t\t\t<style>\/*! elementor - v3.17.0 - 08-11-2023 *\/\n.elementor-heading-title{padding:0;margin:0;line-height:1}.elementor-widget-heading .elementor-heading-title[class*=elementor-size-]>a{color:inherit;font-size:inherit;line-height:inherit}.elementor-widget-heading .elementor-heading-title.elementor-size-small{font-size:15px}.elementor-widget-heading .elementor-heading-title.elementor-size-medium{font-size:19px}.elementor-widget-heading .elementor-heading-title.elementor-size-large{font-size:29px}.elementor-widget-heading .elementor-heading-title.elementor-size-xl{font-size:39px}.elementor-widget-heading .elementor-heading-title.elementor-size-xxl{font-size:59px}<\/style><h2 class=\"elementor-heading-title elementor-size-default\">Qual o objetivo do Minist\u00e9rio Jovem?<\/h2>\t\t<\/div>\n\t\t\t\t<\/div>\n\t\t\t\t<div class=\"elementor-element elementor-element-c4ba30e elementor-widget elementor-widget-text-editor\" data-id=\"c4ba30e\" data-element_type=\"widget\" data-widget_type=\"text-editor.default\">\n\t\t\t\t<div class=\"elementor-widget-container\">\n\t\t\t\t\t\t\t<p>O <strong>Minist\u00e9rio de Jovens Avante com Cristo<\/strong> \u00e9 um trabalho feito com os jovens da igreja que visa <strong>alcan\u00e7ar todas as \u00e1reas da vida desses jovens<\/strong>, desde a vida espiritual at\u00e9 a profissional, familiar e vida social, fortalecendo os nossos jovens atrav\u00e9s dos ensinamentos b\u00edblicos que partilhamos em nossa comunidade crist\u00e3.<\/p><p>O trabalho desse minist\u00e9rio \u00e9 focado no <strong>crescimento espiritual e na maturidade crist\u00e3<\/strong>, imprimindo na mente de cada participante a ideia de que em tudo que fazemos, devemos lembrar que <strong>Deus \u00e9 o centro<\/strong> e merece ser glorificado.<\/p>\t\t\t\t\t\t<\/div>\n\t\t\t\t<\/div>\n\t\t\t\t<div class=\"elementor-element elementor-element-7b7be4a elementor-widget elementor-widget-heading\" data-id=\"7b7be4a\" data-element_type=\"widget\" data-widget_type=\"heading.default\">\n\t\t\t\t<div class=\"elementor-widget-container\">\n\t\t\t<h2 class=\"elementor-heading-title elementor-size-default\">Como s\u00e3o as nossas reuni\u00f5es?<\/h2>\t\t<\/div>\n\t\t\t\t<\/div>\n\t\t\t\t<div class=\"elementor-element elementor-element-da1a2f5 elementor-widget elementor-widget-text-editor\" data-id=\"da1a2f5\" data-element_type=\"widget\" data-widget_type=\"text-editor.default\">\n\t\t\t\t<div class=\"elementor-widget-container\">\n\t\t\t\t\t\t\t<p>As reuni\u00f5es do Minist\u00e9rio Jovem acontecem todas as <strong>sextas feiras<\/strong> em nossa igreja local \u00e1s <strong>18:30<\/strong>, com todos os jovens.<\/p><p>\u00c9 uma reuni\u00e3o em forma de c\u00edrculo, <strong>descontra\u00edda<\/strong>, onde o professor ministra uma li\u00e7\u00e3o, mas os jovens podem intervir e fazer <strong>perguntas ou coment\u00e1rios<\/strong>.<\/p><p>O material que usamos \u00e9 uma revista geralmente com <strong>17 li\u00e7\u00f5es sobre temas pertinentes a vida<\/strong>, lutas, dificuldades ou universo jovem. Atualmente os temas estudados s\u00e3o <strong>O jovem crist\u00e3o e sua carreira profissional<\/strong>.<\/p>\t\t\t\t\t\t<\/div>\n\t\t\t\t<\/div>\n\t\t\t\t<div class=\"elementor-element elementor-element-02b7592 elementor-widget elementor-widget-heading\" data-id=\"02b7592\" data-element_type=\"widget\" data-widget_type=\"heading.default\">\n\t\t\t\t<div class=\"elementor-widget-container\">\n\t\t\t<h2 class=\"elementor-heading-title elementor-size-default\">Quem ministra as li\u00e7\u00f5es e dirige as reuni\u00f5es?<\/h2>\t\t<\/div>\n\t\t\t\t<\/div>\n\t\t\t\t<div class=\"elementor-element elementor-element-5f842e6 elementor-widget elementor-widget-text-editor\" data-id=\"5f842e6\" data-element_type=\"widget\" data-widget_type=\"text-editor.default\">\n\t\t\t\t<div class=\"elementor-widget-container\">\n\t\t\t\t\t\t\t<p>No momento o Minist\u00e9rio de Jovens \u00e9 dirigido atrav\u00e9s de um <strong>rodizio de professores<\/strong>, a cada sexta-feira temos um professor diferente.<\/p><p>Os professores atuais s\u00e3o <strong>Pr. Lucas, Pr Alexandre, Pb. Luciano e irm\u00e3 Cristiane<\/strong>.<\/p><p>Embora seja um projeto feito principalmente para ensinar aos jovens da igreja os valores crist\u00e3os e um olhar b\u00edblico sobre o mundo e nossos dias, <strong>qualquer um \u00e9 bem vindo a participar<\/strong> sem compromissos com a igreja ou com a religi\u00e3o.<\/p><p><strong>Qualquer jovem que deseje conhecer a Deus<\/strong>, sua a\u00e7\u00e3o nas nossas vidas, sua Palavra e seu Evangelho de boas novas \u00e9 nosso <strong>convidado especial!<\/strong><\/p>\t\t\t\t\t\t<\/div>\n\t\t\t\t<\/div>\n\t\t\t\t\t<\/div>\n\t\t<\/div>\n\t\t\t\t<div class=\"elementor-column elementor-col-50 elementor-inner-column elementor-element elementor-element-4e5a75e\" data-id=\"4e5a75e\" data-element_type=\"column\">\n\t\t\t<div class=\"elementor-widget-wrap elementor-element-populated\">\n\t\t\t\t\t\t\t\t<div class=\"elementor-element elementor-element-4e2579a elementor-widget elementor-widget-image\" data-id=\"4e2579a\" data-element_type=\"widget\" data-widget_type=\"image.default\">\n\t\t\t\t<div class=\"elementor-widget-container\">\n\t\t\t<style>\/*! elementor - v3.17.0 - 08-11-2023 *\/\n.elementor-widget-image{text-align:center}.elementor-widget-image a{display:inline-block}.elementor-widget-image a img[src$=\".svg\"]{width:48px}.elementor-widget-image img{vertical-align:middle;display:inline-block}<\/style>\t\t\t\t\t\t\t\t\t\t\t\t<img loading=\"lazy\" decoding=\"async\" width=\"800\" height=\"484\" src=\"https:\/\/igrejacaminhosdavida.com.br\/wp-content\/uploads\/2023\/11\/jovens-da-igreja-04-1024x619.jpg\" class=\"attachment-large size-large wp-image-1391\" alt=\"\" srcset=\"https:\/\/igrejacaminhosdavida.com.br\/wp-content\/uploads\/2023\/11\/jovens-da-igreja-04-1024x619.jpg 1024w, https:\/\/igrejacaminhosdavida.com.br\/wp-content\/uploads\/2023\/11\/jovens-da-igreja-04-300x181.jpg 300w, https:\/\/igrejacaminhosdavida.com.br\/wp-content\/uploads\/2023\/11\/jovens-da-igreja-04-768x464.jpg 768w, https:\/\/igrejacaminhosdavida.com.br\/wp-content\/uploads\/2023\/11\/jovens-da-igreja-04-18x12.jpg 18w, https:\/\/igrejacaminhosdavida.com.br\/wp-content\/uploads\/2023\/11\/jovens-da-igreja-04.jpg 1069w\" sizes=\"auto, (max-width: 800px) 100vw, 800px\" \/>\t\t\t\t\t\t\t\t\t\t\t\t\t\t\t<\/div>\n\t\t\t\t<\/div>\n\t\t\t\t<div class=\"elementor-element elementor-element-f2314fb elementor-widget elementor-widget-image\" data-id=\"f2314fb\" data-element_type=\"widget\" data-widget_type=\"image.default\">\n\t\t\t\t<div class=\"elementor-widget-container\">\n\t\t\t\t\t\t\t\t\t\t\t\t\t\t\t<img loading=\"lazy\" decoding=\"async\" width=\"800\" height=\"484\" src=\"https:\/\/igrejacaminhosdavida.com.br\/wp-content\/uploads\/2023\/11\/jovens-da-igreja-01-1024x619.jpg\" class=\"attachment-large size-large wp-image-1361\" alt=\"\" srcset=\"https:\/\/igrejacaminhosdavida.com.br\/wp-content\/uploads\/2023\/11\/jovens-da-igreja-01-1024x619.jpg 1024w, https:\/\/igrejacaminhosdavida.com.br\/wp-content\/uploads\/2023\/11\/jovens-da-igreja-01-300x181.jpg 300w, https:\/\/igrejacaminhosdavida.com.br\/wp-content\/uploads\/2023\/11\/jovens-da-igreja-01-768x464.jpg 768w, https:\/\/igrejacaminhosdavida.com.br\/wp-content\/uploads\/2023\/11\/jovens-da-igreja-01-18x12.jpg 18w, https:\/\/igrejacaminhosdavida.com.br\/wp-content\/uploads\/2023\/11\/jovens-da-igreja-01.jpg 1069w\" sizes=\"auto, (max-width: 800px) 100vw, 800px\" \/>\t\t\t\t\t\t\t\t\t\t\t\t\t\t\t<\/div>\n\t\t\t\t<\/div>\n\t\t\t\t<div class=\"elementor-element elementor-element-bcdd002 elementor-widget elementor-widget-image\" data-id=\"bcdd002\" data-element_type=\"widget\" data-widget_type=\"image.default\">\n\t\t\t\t<div class=\"elementor-widget-container\">\n\t\t\t\t\t\t\t\t\t\t\t\t\t\t\t<img loading=\"lazy\" decoding=\"async\" width=\"800\" height=\"484\" src=\"https:\/\/igrejacaminhosdavida.com.br\/wp-content\/uploads\/2023\/11\/jovens-da-igreja-03-1024x619.jpg\" class=\"attachment-large size-large wp-image-1374\" alt=\"\" srcset=\"https:\/\/igrejacaminhosdavida.com.br\/wp-content\/uploads\/2023\/11\/jovens-da-igreja-03-1024x619.jpg 1024w, https:\/\/igrejacaminhosdavida.com.br\/wp-content\/uploads\/2023\/11\/jovens-da-igreja-03-300x181.jpg 300w, https:\/\/igrejacaminhosdavida.com.br\/wp-content\/uploads\/2023\/11\/jovens-da-igreja-03-768x464.jpg 768w, https:\/\/igrejacaminhosdavida.com.br\/wp-content\/uploads\/2023\/11\/jovens-da-igreja-03-18x12.jpg 18w, https:\/\/igrejacaminhosdavida.com.br\/wp-content\/uploads\/2023\/11\/jovens-da-igreja-03.jpg 1069w\" sizes=\"auto, (max-width: 800px) 100vw, 800px\" \/>\t\t\t\t\t\t\t\t\t\t\t\t\t\t\t<\/div>\n\t\t\t\t<\/div>\n\t\t\t\t<div class=\"elementor-element elementor-element-ad7b8d6 elementor-widget elementor-widget-image\" data-id=\"ad7b8d6\" data-element_type=\"widget\" data-widget_type=\"image.default\">\n\t\t\t\t<div class=\"elementor-widget-container\">\n\t\t\t\t\t\t\t\t\t\t\t\t\t\t\t<img loading=\"lazy\" decoding=\"async\" width=\"800\" height=\"484\" src=\"https:\/\/igrejacaminhosdavida.com.br\/wp-content\/uploads\/2023\/11\/jovens-da-igreja-02-1024x619.jpg\" class=\"attachment-large size-large wp-image-1384\" alt=\"\" srcset=\"https:\/\/igrejacaminhosdavida.com.br\/wp-content\/uploads\/2023\/11\/jovens-da-igreja-02-1024x619.jpg 1024w, https:\/\/igrejacaminhosdavida.com.br\/wp-content\/uploads\/2023\/11\/jovens-da-igreja-02-300x181.jpg 300w, https:\/\/igrejacaminhosdavida.com.br\/wp-content\/uploads\/2023\/11\/jovens-da-igreja-02-768x464.jpg 768w, https:\/\/igrejacaminhosdavida.com.br\/wp-content\/uploads\/2023\/11\/jovens-da-igreja-02-18x12.jpg 18w, https:\/\/igrejacaminhosdavida.com.br\/wp-content\/uploads\/2023\/11\/jovens-da-igreja-02.jpg 1069w\" sizes=\"auto, (max-width: 800px) 100vw, 800px\" \/>\t\t\t\t\t\t\t\t\t\t\t\t\t\t\t<\/div>\n\t\t\t\t<\/div>\n\t\t\t\t\t<\/div>\n\t\t<\/div>\n\t\t\t\t\t\t\t<\/div>\n\t\t<\/section>\n\t\t\t\t<div class=\"elementor-element elementor-element-af637ba elementor-widget elementor-widget-spacer\" data-id=\"af637ba\" data-element_type=\"widget\" data-widget_type=\"spacer.default\">\n\t\t\t\t<div class=\"elementor-widget-container\">\n\t\t\t\t\t<div class=\"elementor-spacer\">\n\t\t\t<div class=\"elementor-spacer-inner\"><\/div>\n\t\t<\/div>\n\t\t\t\t<\/div>\n\t\t\t\t<\/div>\n\t\t\t\t\t<\/div>\n\t\t<\/div>\n\t\t\t\t\t\t\t<\/div>\n\t\t<\/section>\n\t\t\t\t<section class=\"elementor-section elementor-top-section elementor-element elementor-element-f3bc722 elementor-hidden-desktop elementor-section-boxed elementor-section-height-default elementor-section-height-default\" data-id=\"f3bc722\" data-element_type=\"section\" data-settings=\"{&quot;background_background&quot;:&quot;classic&quot;}\">\n\t\t\t\t\t\t\t<div class=\"elementor-background-overlay\"><\/div>\n\t\t\t\t\t\t\t<div class=\"elementor-container elementor-column-gap-default\">\n\t\t\t\t\t<div class=\"elementor-column elementor-col-100 elementor-top-column elementor-element elementor-element-1e6d46d\" data-id=\"1e6d46d\" data-element_type=\"column\">\n\t\t\t<div class=\"elementor-widget-wrap elementor-element-populated\">\n\t\t\t\t\t\t\t\t<div class=\"elementor-element elementor-element-337827f elementor-icon-list--layout-inline elementor-align-center elementor-list-item-link-full_width elementor-widget elementor-widget-icon-list\" data-id=\"337827f\" data-element_type=\"widget\" data-widget_type=\"icon-list.default\">\n\t\t\t\t<div class=\"elementor-widget-container\">\n\t\t\t\t\t<ul class=\"elementor-icon-list-items elementor-inline-items\">\n\t\t\t\t\t\t\t<li class=\"elementor-icon-list-item elementor-inline-item\">\n\t\t\t\t\t\t\t\t\t\t\t<a href=\"https:\/\/igrejacaminhosdavida.com.br\/index.php\/agenda-mensal\/\">\n\n\t\t\t\t\t\t\t\t\t\t\t\t<span class=\"elementor-icon-list-icon\">\n\t\t\t\t\t\t\t<i aria-hidden=\"true\" class=\"fas fa-bible\"><\/i>\t\t\t\t\t\t<\/span>\n\t\t\t\t\t\t\t\t\t\t<span class=\"elementor-icon-list-text\">Minist\u00e9rios de Jovens<\/span>\n\t\t\t\t\t\t\t\t\t\t\t<\/a>\n\t\t\t\t\t\t\t\t\t<\/li>\n\t\t\t\t\t\t<\/ul>\n\t\t\t\t<\/div>\n\t\t\t\t<\/div>\n\t\t\t\t<div class=\"elementor-element elementor-element-b5d83e1 elementor-widget elementor-widget-text-editor\" data-id=\"b5d83e1\" data-element_type=\"widget\" data-widget_type=\"text-editor.default\">\n\t\t\t\t<div class=\"elementor-widget-container\">\n\t\t\t\t\t\t\t<p>A Igreja<strong> Caminhos da Vida<\/strong> em Nova Olinda CE serve a Jesus e a comunidade da nossa cidade atrav\u00e9s dos seus minist\u00e9rios e projetos apresentados aqui&#8230;<\/p>\t\t\t\t\t\t<\/div>\n\t\t\t\t<\/div>\n\t\t\t\t\t<\/div>\n\t\t<\/div>\n\t\t\t\t\t\t\t<\/div>\n\t\t<\/section>\n\t\t\t\t<section class=\"elementor-section elementor-top-section elementor-element elementor-element-abc12b4 elementor-hidden-desktop elementor-section-boxed elementor-section-height-default elementor-section-height-default\" data-id=\"abc12b4\" data-element_type=\"section\">\n\t\t\t\t\t\t<div class=\"elementor-container elementor-column-gap-default\">\n\t\t\t\t\t<div class=\"elementor-column elementor-col-100 elementor-top-column elementor-element elementor-element-285892f\" data-id=\"285892f\" data-element_type=\"column\">\n\t\t\t<div class=\"elementor-widget-wrap elementor-element-populated\">\n\t\t\t\t\t\t\t\t<section class=\"elementor-section elementor-inner-section elementor-element elementor-element-0b7fb9d elementor-section-boxed elementor-section-height-default elementor-section-height-default\" data-id=\"0b7fb9d\" data-element_type=\"section\">\n\t\t\t\t\t\t<div class=\"elementor-container elementor-column-gap-default\">\n\t\t\t\t\t<div class=\"elementor-column elementor-col-100 elementor-inner-column elementor-element elementor-element-f43f966\" data-id=\"f43f966\" data-element_type=\"column\">\n\t\t\t<div class=\"elementor-widget-wrap elementor-element-populated\">\n\t\t\t\t\t\t\t\t<div class=\"elementor-element elementor-element-af5fbea elementor-widget elementor-widget-heading\" data-id=\"af5fbea\" data-element_type=\"widget\" data-widget_type=\"heading.default\">\n\t\t\t\t<div class=\"elementor-widget-container\">\n\t\t\t<h2 class=\"elementor-heading-title elementor-size-default\">Qual o objetivo do Minist\u00e9rio Jovem?<\/h2>\t\t<\/div>\n\t\t\t\t<\/div>\n\t\t\t\t<div class=\"elementor-element elementor-element-3874a28 elementor-widget elementor-widget-htmega-carousel-addons\" data-id=\"3874a28\" data-element_type=\"widget\" data-widget_type=\"htmega-carousel-addons.default\">\n\t\t\t\t<div class=\"elementor-widget-container\">\n\t\t\t\n       <div class=\"ht-custom-carousel htmega-carousel-activation htmega-carousel-style-6 htmega-carousel-animation-style-\" dir=\"ltr\" data-settings=\"{&quot;arrows&quot;:true,&quot;arrow_prev_txt&quot;:&quot;&lt;i aria-hidden=\\&quot;true\\&quot; class=\\&quot;fa fa-angle-left\\&quot;&gt;&lt;\\\/i&gt;&quot;,&quot;arrow_next_txt&quot;:&quot;&lt;i aria-hidden=\\&quot;true\\&quot; class=\\&quot;fa fa-angle-right\\&quot;&gt;&lt;\\\/i&gt;&quot;,&quot;dots&quot;:false,&quot;autoplay&quot;:true,&quot;autoplay_speed&quot;:3000,&quot;animation_speed&quot;:300,&quot;pause_on_hover&quot;:true,&quot;center_mode&quot;:false,&quot;vertical_mode&quot;:false,&quot;center_padding&quot;:&quot;px&quot;,&quot;carousel_style_ck&quot;:4,&quot;display_columns&quot;:4,&quot;scroll_columns&quot;:2,&quot;tablet_width&quot;:750,&quot;tablet_display_columns&quot;:2,&quot;tablet_scroll_columns&quot;:1,&quot;mobile_width&quot;:480,&quot;mobile_display_columns&quot;:1,&quot;mobile_scroll_columns&quot;:1}\" style=\"display:none\">\n\n                            <div class=\"single-custom-carousel htmega-data-title\" data-title=\"Image Grid Title\">\n                    <img loading=\"lazy\" decoding=\"async\" width=\"800\" height=\"484\" src=\"https:\/\/igrejacaminhosdavida.com.br\/wp-content\/uploads\/2023\/11\/jovens-da-igreja-04-1024x619.jpg\" class=\"attachment-large size-large wp-image-1391\" alt=\"\" srcset=\"https:\/\/igrejacaminhosdavida.com.br\/wp-content\/uploads\/2023\/11\/jovens-da-igreja-04-1024x619.jpg 1024w, https:\/\/igrejacaminhosdavida.com.br\/wp-content\/uploads\/2023\/11\/jovens-da-igreja-04-300x181.jpg 300w, https:\/\/igrejacaminhosdavida.com.br\/wp-content\/uploads\/2023\/11\/jovens-da-igreja-04-768x464.jpg 768w, https:\/\/igrejacaminhosdavida.com.br\/wp-content\/uploads\/2023\/11\/jovens-da-igreja-04-18x12.jpg 18w, https:\/\/igrejacaminhosdavida.com.br\/wp-content\/uploads\/2023\/11\/jovens-da-igreja-04.jpg 1069w\" sizes=\"auto, (max-width: 800px) 100vw, 800px\" \/>                <\/div>\n                            <div class=\"single-custom-carousel htmega-data-title\" data-title=\"Image Grid Title\">\n                    <img loading=\"lazy\" decoding=\"async\" width=\"800\" height=\"484\" src=\"https:\/\/igrejacaminhosdavida.com.br\/wp-content\/uploads\/2023\/11\/jovens-da-igreja-01-1024x619.jpg\" class=\"attachment-large size-large wp-image-1361\" alt=\"\" srcset=\"https:\/\/igrejacaminhosdavida.com.br\/wp-content\/uploads\/2023\/11\/jovens-da-igreja-01-1024x619.jpg 1024w, https:\/\/igrejacaminhosdavida.com.br\/wp-content\/uploads\/2023\/11\/jovens-da-igreja-01-300x181.jpg 300w, https:\/\/igrejacaminhosdavida.com.br\/wp-content\/uploads\/2023\/11\/jovens-da-igreja-01-768x464.jpg 768w, https:\/\/igrejacaminhosdavida.com.br\/wp-content\/uploads\/2023\/11\/jovens-da-igreja-01-18x12.jpg 18w, https:\/\/igrejacaminhosdavida.com.br\/wp-content\/uploads\/2023\/11\/jovens-da-igreja-01.jpg 1069w\" sizes=\"auto, (max-width: 800px) 100vw, 800px\" \/>                <\/div>\n                            <div class=\"single-custom-carousel htmega-data-title\" data-title=\"Image Grid Title\">\n                    <img loading=\"lazy\" decoding=\"async\" width=\"800\" height=\"484\" src=\"https:\/\/igrejacaminhosdavida.com.br\/wp-content\/uploads\/2023\/11\/jovens-da-igreja-03-1024x619.jpg\" class=\"attachment-large size-large wp-image-1374\" alt=\"\" srcset=\"https:\/\/igrejacaminhosdavida.com.br\/wp-content\/uploads\/2023\/11\/jovens-da-igreja-03-1024x619.jpg 1024w, https:\/\/igrejacaminhosdavida.com.br\/wp-content\/uploads\/2023\/11\/jovens-da-igreja-03-300x181.jpg 300w, https:\/\/igrejacaminhosdavida.com.br\/wp-content\/uploads\/2023\/11\/jovens-da-igreja-03-768x464.jpg 768w, https:\/\/igrejacaminhosdavida.com.br\/wp-content\/uploads\/2023\/11\/jovens-da-igreja-03-18x12.jpg 18w, https:\/\/igrejacaminhosdavida.com.br\/wp-content\/uploads\/2023\/11\/jovens-da-igreja-03.jpg 1069w\" sizes=\"auto, (max-width: 800px) 100vw, 800px\" \/>                <\/div>\n                            <div class=\"single-custom-carousel htmega-data-title\" data-title=\"Image Grid Title\">\n                    <img loading=\"lazy\" decoding=\"async\" width=\"800\" height=\"484\" src=\"https:\/\/igrejacaminhosdavida.com.br\/wp-content\/uploads\/2023\/11\/jovens-da-igreja-02-1024x619.jpg\" class=\"attachment-large size-large wp-image-1384\" alt=\"\" srcset=\"https:\/\/igrejacaminhosdavida.com.br\/wp-content\/uploads\/2023\/11\/jovens-da-igreja-02-1024x619.jpg 1024w, https:\/\/igrejacaminhosdavida.com.br\/wp-content\/uploads\/2023\/11\/jovens-da-igreja-02-300x181.jpg 300w, https:\/\/igrejacaminhosdavida.com.br\/wp-content\/uploads\/2023\/11\/jovens-da-igreja-02-768x464.jpg 768w, https:\/\/igrejacaminhosdavida.com.br\/wp-content\/uploads\/2023\/11\/jovens-da-igreja-02-18x12.jpg 18w, https:\/\/igrejacaminhosdavida.com.br\/wp-content\/uploads\/2023\/11\/jovens-da-igreja-02.jpg 1069w\" sizes=\"auto, (max-width: 800px) 100vw, 800px\" \/>                <\/div>\n            \n        <\/div>\n\n        \t\t<\/div>\n\t\t\t\t<\/div>\n\t\t\t\t<div class=\"elementor-element elementor-element-bd1a8dc elementor-widget elementor-widget-text-editor\" data-id=\"bd1a8dc\" data-element_type=\"widget\" data-widget_type=\"text-editor.default\">\n\t\t\t\t<div class=\"elementor-widget-container\">\n\t\t\t\t\t\t\t<p>O <strong>Minist\u00e9rio de Jovens Avante com Cristo<\/strong> \u00e9 um trabalho feito com os jovens da igreja que visa <strong>alcan\u00e7ar todas as \u00e1reas da vida desses jovens<\/strong>, desde a vida espiritual at\u00e9 a profissional, familiar e vida social, fortalecendo os nossos jovens atrav\u00e9s dos ensinamentos b\u00edblicos que partilhamos em nossa comunidade crist\u00e3.<\/p><p>O trabalho desse minist\u00e9rio \u00e9 focado no <strong>crescimento espiritual e na maturidade crist\u00e3<\/strong>, imprimindo na mente de cada participante a ideia de que em tudo que fazemos, devemos lembrar que <strong>Deus \u00e9 o centro<\/strong> e merece ser glorificado.<\/p>\t\t\t\t\t\t<\/div>\n\t\t\t\t<\/div>\n\t\t\t\t<div class=\"elementor-element elementor-element-d572558 elementor-widget elementor-widget-heading\" data-id=\"d572558\" data-element_type=\"widget\" data-widget_type=\"heading.default\">\n\t\t\t\t<div class=\"elementor-widget-container\">\n\t\t\t<h2 class=\"elementor-heading-title elementor-size-default\">Como s\u00e3o as nossas reuni\u00f5es?<\/h2>\t\t<\/div>\n\t\t\t\t<\/div>\n\t\t\t\t<div class=\"elementor-element elementor-element-db76516 elementor-widget elementor-widget-text-editor\" data-id=\"db76516\" data-element_type=\"widget\" data-widget_type=\"text-editor.default\">\n\t\t\t\t<div class=\"elementor-widget-container\">\n\t\t\t\t\t\t\t<p>As reuni\u00f5es do Minist\u00e9rio Jovem acontecem todas as <strong>sextas feiras<\/strong> em nossa igreja local \u00e1s <strong>18:30<\/strong>, com todos os jovens.<\/p><p>\u00c9 uma reuni\u00e3o em forma de c\u00edrculo, <strong>descontra\u00edda<\/strong>, onde o professor ministra uma li\u00e7\u00e3o, mas os jovens podem intervir e fazer <strong>perguntas ou coment\u00e1rios<\/strong>.<\/p><p>O material que usamos \u00e9 uma revista geralmente com <strong>17 li\u00e7\u00f5es sobre temas pertinentes a vida<\/strong>, lutas, dificuldades ou universo jovem. Atualmente os temas estudados s\u00e3o <strong>O jovem crist\u00e3o e sua carreira profissional<\/strong>.<\/p>\t\t\t\t\t\t<\/div>\n\t\t\t\t<\/div>\n\t\t\t\t<div class=\"elementor-element elementor-element-02a22c1 elementor-widget elementor-widget-heading\" data-id=\"02a22c1\" data-element_type=\"widget\" data-widget_type=\"heading.default\">\n\t\t\t\t<div class=\"elementor-widget-container\">\n\t\t\t<h2 class=\"elementor-heading-title elementor-size-default\">Quem ministra as li\u00e7\u00f5es e dirige as reuni\u00f5es?<\/h2>\t\t<\/div>\n\t\t\t\t<\/div>\n\t\t\t\t<div class=\"elementor-element elementor-element-18a3238 elementor-widget elementor-widget-text-editor\" data-id=\"18a3238\" data-element_type=\"widget\" data-widget_type=\"text-editor.default\">\n\t\t\t\t<div class=\"elementor-widget-container\">\n\t\t\t\t\t\t\t<p>No momento o Minist\u00e9rio de Jovens \u00e9 dirigido atrav\u00e9s de um <strong>rodizio de professores<\/strong>, a cada sexta-feira temos um professor diferente.<\/p><p>Os professores atuais s\u00e3o <strong>Pr. Lucas, Pr Alexandre, Pb. Luciano e irm\u00e3 Cristiane<\/strong>.<\/p><p>Embora seja um projeto feito principalmente para ensinar aos jovens da igreja os valores crist\u00e3os e um olhar b\u00edblico sobre o mundo e nossos dias, <strong>qualquer um \u00e9 bem vindo a participar<\/strong> sem compromissos com a igreja ou com a religi\u00e3o.<\/p><p><strong>Qualquer jovem que deseje conhecer a Deus<\/strong>, sua a\u00e7\u00e3o nas nossas vidas, sua Palavra e seu Evangelho de boas novas \u00e9 nosso <strong>convidado especial!<\/strong><\/p>\t\t\t\t\t\t<\/div>\n\t\t\t\t<\/div>\n\t\t\t\t\t<\/div>\n\t\t<\/div>\n\t\t\t\t\t\t\t<\/div>\n\t\t<\/section>\n\t\t\t\t\t<\/div>\n\t\t<\/div>\n\t\t\t\t\t\t\t<\/div>\n\t\t<\/section>\n\t\t\t\t\t\t\t<\/div>\n\t\t","protected":false},"excerpt":{"rendered":"<p>Minist\u00e9rios de Jovens &#8211; Avante com Cristo A Igreja Caminhos da Vida em Nova Olinda CE serve a Jesus e a comunidade da nossa cidade atrav\u00e9s dos seus minist\u00e9rios e [&hellip;]<\/p>\n","protected":false},"author":1,"featured_media":0,"parent":0,"menu_order":0,"comment_status":"closed","ping_status":"closed","template":"elementor_header_footer","meta":{"footnotes":""},"class_list":["post-31","page","type-page","status-publish","hentry"],"_links":{"self":[{"href":"https:\/\/igrejacaminhosdavida.com.br\/index.php\/wp-json\/wp\/v2\/pages\/31","targetHints":{"allow":["GET"]}}],"collection":[{"href":"https:\/\/igrejacaminhosdavida.com.br\/index.php\/wp-json\/wp\/v2\/pages"}],"about":[{"href":"https:\/\/igrejacaminhosdavida.com.br\/index.php\/wp-json\/wp\/v2\/types\/page"}],"author":[{"embeddable":true,"href":"https:\/\/igrejacaminhosdavida.com.br\/index.php\/wp-json\/wp\/v2\/users\/1"}],"replies":[{"embeddable":true,"href":"https:\/\/igrejacaminhosdavida.com.br\/index.php\/wp-json\/wp\/v2\/comments?post=31"}],"version-history":[{"count":185,"href":"https:\/\/igrejacaminhosdavida.com.br\/index.php\/wp-json\/wp\/v2\/pages\/31\/revisions"}],"predecessor-version":[{"id":3394,"href":"https:\/\/igrejacaminhosdavida.com.br\/index.php\/wp-json\/wp\/v2\/pages\/31\/revisions\/3394"}],"wp:attachment":[{"href":"https:\/\/igrejacaminhosdavida.com.br\/index.php\/wp-json\/wp\/v2\/media?parent=31"}],"curies":[{"name":"wp","href":"https:\/\/api.w.org\/{rel}","templated":true}]}}