{"id":65,"date":"2023-10-10T03:58:55","date_gmt":"2023-10-10T03:58:55","guid":{"rendered":"https:\/\/igrejacaminhosdavida.com.br\/?page_id=65"},"modified":"2024-09-27T21:00:35","modified_gmt":"2024-09-27T21:00:35","slug":"no-que-cremos","status":"publish","type":"page","link":"https:\/\/igrejacaminhosdavida.com.br\/index.php\/no-que-cremos\/","title":{"rendered":"No que cremos?"},"content":{"rendered":"\t\t<div data-elementor-type=\"wp-page\" data-elementor-id=\"65\" class=\"elementor elementor-65\" data-elementor-post-type=\"page\">\n\t\t\t\t\t\t\t\t\t<section class=\"elementor-section elementor-top-section elementor-element elementor-element-e61b275 elementor-hidden-tablet elementor-hidden-mobile elementor-section-boxed elementor-section-height-default elementor-section-height-default\" data-id=\"e61b275\" data-element_type=\"section\" data-settings=\"{&quot;background_background&quot;:&quot;classic&quot;,&quot;shape_divider_bottom&quot;:&quot;split&quot;,&quot;shape_divider_bottom_negative&quot;:&quot;yes&quot;}\">\n\t\t\t\t\t\t\t<div class=\"elementor-background-overlay\"><\/div>\n\t\t\t\t\t\t<div class=\"elementor-shape elementor-shape-bottom\" data-negative=\"true\">\n\t\t\t<svg xmlns=\"http:\/\/www.w3.org\/2000\/svg\" viewBox=\"0 0 1000 20\" preserveAspectRatio=\"none\">\n\t<path class=\"elementor-shape-fill\" d=\"M519.8,0.2c-11,0-19.8,8.5-19.8,19c0-10.4-8.8-19-19.8-19L0,0v20h1000V0.2H519.8z\"\/>\n<\/svg>\t\t<\/div>\n\t\t\t\t\t<div class=\"elementor-container elementor-column-gap-default\">\n\t\t\t\t\t<div class=\"elementor-column elementor-col-100 elementor-top-column elementor-element elementor-element-2f8ac06\" data-id=\"2f8ac06\" data-element_type=\"column\">\n\t\t\t<div class=\"elementor-widget-wrap elementor-element-populated\">\n\t\t\t\t\t\t\t\t<div class=\"elementor-element elementor-element-aa0a14c elementor-widget elementor-widget-spacer\" data-id=\"aa0a14c\" data-element_type=\"widget\" data-widget_type=\"spacer.default\">\n\t\t\t\t<div class=\"elementor-widget-container\">\n\t\t\t<style>\/*! elementor - v3.17.0 - 08-11-2023 *\/\n.elementor-column .elementor-spacer-inner{height:var(--spacer-size)}.e-con{--container-widget-width:100%}.e-con-inner>.elementor-widget-spacer,.e-con>.elementor-widget-spacer{width:var(--container-widget-width,var(--spacer-size));--align-self:var(--container-widget-align-self,initial);--flex-shrink:0}.e-con-inner>.elementor-widget-spacer>.elementor-widget-container,.e-con>.elementor-widget-spacer>.elementor-widget-container{height:100%;width:100%}.e-con-inner>.elementor-widget-spacer>.elementor-widget-container>.elementor-spacer,.e-con>.elementor-widget-spacer>.elementor-widget-container>.elementor-spacer{height:100%}.e-con-inner>.elementor-widget-spacer>.elementor-widget-container>.elementor-spacer>.elementor-spacer-inner,.e-con>.elementor-widget-spacer>.elementor-widget-container>.elementor-spacer>.elementor-spacer-inner{height:var(--container-widget-height,var(--spacer-size))}.e-con-inner>.elementor-widget-spacer.elementor-widget-empty,.e-con>.elementor-widget-spacer.elementor-widget-empty{position:relative;min-height:22px;min-width:22px}.e-con-inner>.elementor-widget-spacer.elementor-widget-empty .elementor-widget-empty-icon,.e-con>.elementor-widget-spacer.elementor-widget-empty .elementor-widget-empty-icon{position:absolute;top:0;bottom:0;left:0;right:0;margin:auto;padding:0;width:22px;height:22px}<\/style>\t\t<div class=\"elementor-spacer\">\n\t\t\t<div class=\"elementor-spacer-inner\"><\/div>\n\t\t<\/div>\n\t\t\t\t<\/div>\n\t\t\t\t<\/div>\n\t\t\t\t<div class=\"elementor-element elementor-element-8b08781 elementor-icon-list--layout-inline elementor-align-center elementor-list-item-link-full_width elementor-widget elementor-widget-icon-list\" data-id=\"8b08781\" data-element_type=\"widget\" data-widget_type=\"icon-list.default\">\n\t\t\t\t<div class=\"elementor-widget-container\">\n\t\t\t<link rel=\"stylesheet\" href=\"https:\/\/igrejacaminhosdavida.com.br\/wp-content\/plugins\/elementor\/assets\/css\/widget-icon-list.min.css\">\t\t<ul class=\"elementor-icon-list-items elementor-inline-items\">\n\t\t\t\t\t\t\t<li class=\"elementor-icon-list-item elementor-inline-item\">\n\t\t\t\t\t\t\t\t\t\t\t<a href=\"https:\/\/igrejacaminhosdavida.com.br\/index.php\/agenda-mensal\/\">\n\n\t\t\t\t\t\t\t\t\t\t\t\t<span class=\"elementor-icon-list-icon\">\n\t\t\t\t\t\t\t<i aria-hidden=\"true\" class=\"fas fa-book-reader\"><\/i>\t\t\t\t\t\t<\/span>\n\t\t\t\t\t\t\t\t\t\t<span class=\"elementor-icon-list-text\">No que cremos?<\/span>\n\t\t\t\t\t\t\t\t\t\t\t<\/a>\n\t\t\t\t\t\t\t\t\t<\/li>\n\t\t\t\t\t\t<\/ul>\n\t\t\t\t<\/div>\n\t\t\t\t<\/div>\n\t\t\t\t<div class=\"elementor-element elementor-element-12fcd46 elementor-widget elementor-widget-spacer\" data-id=\"12fcd46\" data-element_type=\"widget\" data-widget_type=\"spacer.default\">\n\t\t\t\t<div class=\"elementor-widget-container\">\n\t\t\t\t\t<div class=\"elementor-spacer\">\n\t\t\t<div class=\"elementor-spacer-inner\"><\/div>\n\t\t<\/div>\n\t\t\t\t<\/div>\n\t\t\t\t<\/div>\n\t\t\t\t<div class=\"elementor-element elementor-element-3d5cdd4 elementor-widget elementor-widget-spacer\" data-id=\"3d5cdd4\" data-element_type=\"widget\" data-widget_type=\"spacer.default\">\n\t\t\t\t<div class=\"elementor-widget-container\">\n\t\t\t\t\t<div class=\"elementor-spacer\">\n\t\t\t<div class=\"elementor-spacer-inner\"><\/div>\n\t\t<\/div>\n\t\t\t\t<\/div>\n\t\t\t\t<\/div>\n\t\t\t\t\t<\/div>\n\t\t<\/div>\n\t\t\t\t\t\t\t<\/div>\n\t\t<\/section>\n\t\t\t\t<section class=\"elementor-section elementor-top-section elementor-element elementor-element-8b1e1eb elementor-hidden-tablet elementor-hidden-mobile elementor-section-boxed elementor-section-height-default elementor-section-height-default\" data-id=\"8b1e1eb\" data-element_type=\"section\">\n\t\t\t\t\t\t<div class=\"elementor-container elementor-column-gap-default\">\n\t\t\t\t\t<div class=\"elementor-column elementor-col-100 elementor-top-column elementor-element elementor-element-9b40ddc\" data-id=\"9b40ddc\" data-element_type=\"column\">\n\t\t\t<div class=\"elementor-widget-wrap elementor-element-populated\">\n\t\t\t\t\t\t\t\t<div class=\"elementor-element elementor-element-620f24d elementor-widget elementor-widget-spacer\" data-id=\"620f24d\" data-element_type=\"widget\" data-widget_type=\"spacer.default\">\n\t\t\t\t<div class=\"elementor-widget-container\">\n\t\t\t\t\t<div class=\"elementor-spacer\">\n\t\t\t<div class=\"elementor-spacer-inner\"><\/div>\n\t\t<\/div>\n\t\t\t\t<\/div>\n\t\t\t\t<\/div>\n\t\t\t\t<section class=\"elementor-section elementor-inner-section elementor-element elementor-element-7c45641 elementor-section-boxed elementor-section-height-default elementor-section-height-default\" data-id=\"7c45641\" data-element_type=\"section\">\n\t\t\t\t\t\t<div class=\"elementor-container elementor-column-gap-default\">\n\t\t\t\t\t<div class=\"elementor-column elementor-col-50 elementor-inner-column elementor-element elementor-element-dacf1e8\" data-id=\"dacf1e8\" data-element_type=\"column\" data-settings=\"{&quot;background_background&quot;:&quot;classic&quot;}\">\n\t\t\t<div class=\"elementor-widget-wrap elementor-element-populated\">\n\t\t\t\t\t\t\t\t<div class=\"elementor-element elementor-element-8547b92 elementor-widget elementor-widget-heading\" data-id=\"8547b92\" data-element_type=\"widget\" data-widget_type=\"heading.default\">\n\t\t\t\t<div class=\"elementor-widget-container\">\n\t\t\t<style>\/*! elementor - v3.17.0 - 08-11-2023 *\/\n.elementor-heading-title{padding:0;margin:0;line-height:1}.elementor-widget-heading .elementor-heading-title[class*=elementor-size-]>a{color:inherit;font-size:inherit;line-height:inherit}.elementor-widget-heading .elementor-heading-title.elementor-size-small{font-size:15px}.elementor-widget-heading .elementor-heading-title.elementor-size-medium{font-size:19px}.elementor-widget-heading .elementor-heading-title.elementor-size-large{font-size:29px}.elementor-widget-heading .elementor-heading-title.elementor-size-xl{font-size:39px}.elementor-widget-heading .elementor-heading-title.elementor-size-xxl{font-size:59px}<\/style><h2 class=\"elementor-heading-title elementor-size-default\">O que pensamos sobre B\u00edblia?<\/h2>\t\t<\/div>\n\t\t\t\t<\/div>\n\t\t\t\t<div class=\"elementor-element elementor-element-ce2ce99 elementor-widget elementor-widget-text-editor\" data-id=\"ce2ce99\" data-element_type=\"widget\" data-widget_type=\"text-editor.default\">\n\t\t\t\t<div class=\"elementor-widget-container\">\n\t\t\t<style>\/*! elementor - v3.17.0 - 08-11-2023 *\/\n.elementor-widget-text-editor.elementor-drop-cap-view-stacked .elementor-drop-cap{background-color:#69727d;color:#fff}.elementor-widget-text-editor.elementor-drop-cap-view-framed .elementor-drop-cap{color:#69727d;border:3px solid;background-color:transparent}.elementor-widget-text-editor:not(.elementor-drop-cap-view-default) .elementor-drop-cap{margin-top:8px}.elementor-widget-text-editor:not(.elementor-drop-cap-view-default) .elementor-drop-cap-letter{width:1em;height:1em}.elementor-widget-text-editor .elementor-drop-cap{float:left;text-align:center;line-height:1;font-size:50px}.elementor-widget-text-editor .elementor-drop-cap-letter{display:inline-block}<\/style>\t\t\t\t<p>A B\u00edblia \u00e9 a \u00fanica base da nossa f\u00e9. Acreditamos que ela \u00e9 a infal\u00edvel e inspirada Palavra de Deus. Reconhecemos seus 66 livros que juntos comp\u00f5em o Antigo e o Novo Testamento.<\/p><p>Aceitamos a autoridade final da B\u00edblia no que se referem as doutrinas que ela nos apresenta. Acreditamos que ela foi inspirada pelo Espirito Santo de forma singular, verbal e completa.<\/p>\t\t\t\t\t\t<\/div>\n\t\t\t\t<\/div>\n\t\t\t\t\t<\/div>\n\t\t<\/div>\n\t\t\t\t<div class=\"elementor-column elementor-col-50 elementor-inner-column elementor-element elementor-element-35dd1a7\" data-id=\"35dd1a7\" data-element_type=\"column\" data-settings=\"{&quot;background_background&quot;:&quot;classic&quot;}\">\n\t\t\t<div class=\"elementor-widget-wrap elementor-element-populated\">\n\t\t\t\t\t\t\t\t<div class=\"elementor-element elementor-element-736ea36 elementor-widget elementor-widget-heading\" data-id=\"736ea36\" data-element_type=\"widget\" data-widget_type=\"heading.default\">\n\t\t\t\t<div class=\"elementor-widget-container\">\n\t\t\t<h2 class=\"elementor-heading-title elementor-size-default\">Como compreendemos Jesus Cristo?<\/h2>\t\t<\/div>\n\t\t\t\t<\/div>\n\t\t\t\t<div class=\"elementor-element elementor-element-0cab489 elementor-widget elementor-widget-text-editor\" data-id=\"0cab489\" data-element_type=\"widget\" data-widget_type=\"text-editor.default\">\n\t\t\t\t<div class=\"elementor-widget-container\">\n\t\t\t\t\t\t\t<p>Acreditamos em Jesus Cristo e o aceitamos como nosso salvador pessoal. Cremos que ele \u00e9 o Filho Unig\u00eanito de Deus, plenamente Deus, plenamente Homem, na concep\u00e7\u00e3o e no seu nascimento virginal, em sua morte vic\u00e1ria e expiat\u00f3ria, em sua ressurrei\u00e7\u00e3o corporal dentre os mortos e em sua ascens\u00e3o vitoriosa aos c\u00e9us como Salvador do mundo (Jo 3.16-18; Rm 1.3,4; Is 7.14; Mt 1.23; Hb 10.12; Rm 8.34 e At 1.9).<\/p>\t\t\t\t\t\t<\/div>\n\t\t\t\t<\/div>\n\t\t\t\t\t<\/div>\n\t\t<\/div>\n\t\t\t\t\t\t\t<\/div>\n\t\t<\/section>\n\t\t\t\t<section class=\"elementor-section elementor-inner-section elementor-element elementor-element-7cd81f5 elementor-section-boxed elementor-section-height-default elementor-section-height-default\" data-id=\"7cd81f5\" data-element_type=\"section\">\n\t\t\t\t\t\t<div class=\"elementor-container elementor-column-gap-default\">\n\t\t\t\t\t<div class=\"elementor-column elementor-col-50 elementor-inner-column elementor-element elementor-element-cefd562\" data-id=\"cefd562\" data-element_type=\"column\" data-settings=\"{&quot;background_background&quot;:&quot;classic&quot;}\">\n\t\t\t<div class=\"elementor-widget-wrap elementor-element-populated\">\n\t\t\t\t\t\t\t\t<div class=\"elementor-element elementor-element-31c8210 elementor-widget elementor-widget-heading\" data-id=\"31c8210\" data-element_type=\"widget\" data-widget_type=\"heading.default\">\n\t\t\t\t<div class=\"elementor-widget-container\">\n\t\t\t<h2 class=\"elementor-heading-title elementor-size-default\">Sobre o pecado do Homem.<\/h2>\t\t<\/div>\n\t\t\t\t<\/div>\n\t\t\t\t<div class=\"elementor-element elementor-element-ce21f26 elementor-widget elementor-widget-text-editor\" data-id=\"ce21f26\" data-element_type=\"widget\" data-widget_type=\"text-editor.default\">\n\t\t\t\t<div class=\"elementor-widget-container\">\n\t\t\t\t\t\t\t<p>Acreditamos no que a Biblia fala sobre o pecado do homem, que \u201ctodos pecaram e destitu\u00eddos est\u00e3o da Gl\u00f3ria de Deus\u201d e que somente o arrependimento e a f\u00e9 na obra expiat\u00f3ria e redentora de Jesus Cristo podem restaur\u00e1-lo a Deus (Rm 3.23; At 3.19).<\/p><p>Acreditamos que o homem precisa crer, se arrepender e confessar os seus pecados, aceitando a Jesus como \u00fanico e suficiente salvador para obter a vida eterna com Cristo.<\/p>\t\t\t\t\t\t<\/div>\n\t\t\t\t<\/div>\n\t\t\t\t\t<\/div>\n\t\t<\/div>\n\t\t\t\t<div class=\"elementor-column elementor-col-50 elementor-inner-column elementor-element elementor-element-1d20f1c\" data-id=\"1d20f1c\" data-element_type=\"column\" data-settings=\"{&quot;background_background&quot;:&quot;classic&quot;}\">\n\t\t\t<div class=\"elementor-widget-wrap elementor-element-populated\">\n\t\t\t\t\t\t\t\t<div class=\"elementor-element elementor-element-09721bb elementor-widget elementor-widget-heading\" data-id=\"09721bb\" data-element_type=\"widget\" data-widget_type=\"heading.default\">\n\t\t\t\t<div class=\"elementor-widget-container\">\n\t\t\t<h2 class=\"elementor-heading-title elementor-size-default\">Sobre a salva\u00e7\u00e3o do pecador.<\/h2>\t\t<\/div>\n\t\t\t\t<\/div>\n\t\t\t\t<div class=\"elementor-element elementor-element-b0e1594 elementor-widget elementor-widget-text-editor\" data-id=\"b0e1594\" data-element_type=\"widget\" data-widget_type=\"text-editor.default\">\n\t\t\t\t<div class=\"elementor-widget-container\">\n\t\t\t\t\t\t\t<p>Cremos que a salva\u00e7\u00e3o dos pecadores \u00e9 completa e concedida inteiramente pela gra\u00e7a (Ef\u00e9sios, 2:8), mas que o homem precisa reconhecer a Jesus como salvador pessoal, confess\u00e1-lo e se tornar seu disc\u00edpulo.<\/p><p>Cremos que o sincero arrependimento nos torna homens justificados pela f\u00e9 diante de Deus, por meio do sacrif\u00edcio do nosso Senhor Jesus Cristo. Em vez da condena\u00e7\u00e3o, obt\u00e9m-se paz, seguran\u00e7a e amparo com Deus; que de bra\u00e7os abertos nos oferece perd\u00e3o e miseric\u00f3rdia (Romanos, 10:6-10; 1 Jo\u00e3o, 1:9).<\/p>\t\t\t\t\t\t<\/div>\n\t\t\t\t<\/div>\n\t\t\t\t\t<\/div>\n\t\t<\/div>\n\t\t\t\t\t\t\t<\/div>\n\t\t<\/section>\n\t\t\t\t<section class=\"elementor-section elementor-inner-section elementor-element elementor-element-348c70b elementor-section-boxed elementor-section-height-default elementor-section-height-default\" data-id=\"348c70b\" data-element_type=\"section\">\n\t\t\t\t\t\t<div class=\"elementor-container elementor-column-gap-default\">\n\t\t\t\t\t<div class=\"elementor-column elementor-col-50 elementor-inner-column elementor-element elementor-element-744871a\" data-id=\"744871a\" data-element_type=\"column\" data-settings=\"{&quot;background_background&quot;:&quot;classic&quot;}\">\n\t\t\t<div class=\"elementor-widget-wrap elementor-element-populated\">\n\t\t\t\t\t\t\t\t<div class=\"elementor-element elementor-element-216600c elementor-widget elementor-widget-heading\" data-id=\"216600c\" data-element_type=\"widget\" data-widget_type=\"heading.default\">\n\t\t\t\t<div class=\"elementor-widget-container\">\n\t\t\t<h2 class=\"elementor-heading-title elementor-size-default\">Sobre a Igreja.<\/h2>\t\t<\/div>\n\t\t\t\t<\/div>\n\t\t\t\t<div class=\"elementor-element elementor-element-ac973df elementor-widget elementor-widget-text-editor\" data-id=\"ac973df\" data-element_type=\"widget\" data-widget_type=\"text-editor.default\">\n\t\t\t\t<div class=\"elementor-widget-container\">\n\t\t\t\t\t\t\t<p>Acreditamos que a igreja comp\u00f5e o Corpo de Cristo na Terra. Cremos que os santos s\u00e3o os eleitos, escolhidos e salvos por Deus e que isso se estende a todos os tempos, todas as eras, a todos os chamados do mundo de todos os lugares. Somos todos irm\u00e3os em Cristo a medida que professamos a mesma f\u00e9. (1Co 12.27; Jo 4.23; 1Tm 3.15; Hb 12.23; Ap 22.17).<\/p>\t\t\t\t\t\t<\/div>\n\t\t\t\t<\/div>\n\t\t\t\t\t<\/div>\n\t\t<\/div>\n\t\t\t\t<div class=\"elementor-column elementor-col-50 elementor-inner-column elementor-element elementor-element-0705a31\" data-id=\"0705a31\" data-element_type=\"column\" data-settings=\"{&quot;background_background&quot;:&quot;classic&quot;}\">\n\t\t\t<div class=\"elementor-widget-wrap elementor-element-populated\">\n\t\t\t\t\t\t\t\t<div class=\"elementor-element elementor-element-b0f60a3 elementor-widget elementor-widget-heading\" data-id=\"b0f60a3\" data-element_type=\"widget\" data-widget_type=\"heading.default\">\n\t\t\t\t<div class=\"elementor-widget-container\">\n\t\t\t<h2 class=\"elementor-heading-title elementor-size-default\">Sobre o Esp\u00edrito Santo.<\/h2>\t\t<\/div>\n\t\t\t\t<\/div>\n\t\t\t\t<div class=\"elementor-element elementor-element-442cd7e elementor-widget elementor-widget-text-editor\" data-id=\"442cd7e\" data-element_type=\"widget\" data-widget_type=\"text-editor.default\">\n\t\t\t\t<div class=\"elementor-widget-container\">\n\t\t\t\t\t\t\t<p>Acreditamos no Esp\u00edrito Santo, que Ele \u00e9 a terceira pessoa da Trindade Santa, que Ele \u00e9 Deus, que ele e o Pai s\u00e3o um com Cristo.<\/p><p>Cremos que o Espirito Santo \u00e9 nosso Consolador prometido, nossa inspira\u00e7\u00e3o e que \u00e9 por meio dele que servimos e adoramos a Deus e que \u00e9 Ele quem convence o mundo do pecado, da justi\u00e7a e do ju\u00edzo; que regenera o pecador; que falou por meio dos profetas e continua guiando o seu povo (2Co 13.13; 2Co 3.6,17; Rm 8.2; Jo 16.11; Tt 3.5; 2Pe 1.21 e Jo 16.13).<\/p>\t\t\t\t\t\t<\/div>\n\t\t\t\t<\/div>\n\t\t\t\t\t<\/div>\n\t\t<\/div>\n\t\t\t\t\t\t\t<\/div>\n\t\t<\/section>\n\t\t\t\t<section class=\"elementor-section elementor-inner-section elementor-element elementor-element-653ae9a elementor-section-boxed elementor-section-height-default elementor-section-height-default\" data-id=\"653ae9a\" data-element_type=\"section\">\n\t\t\t\t\t\t<div class=\"elementor-container elementor-column-gap-default\">\n\t\t\t\t\t<div class=\"elementor-column elementor-col-50 elementor-inner-column elementor-element elementor-element-0ad07c8\" data-id=\"0ad07c8\" data-element_type=\"column\" data-settings=\"{&quot;background_background&quot;:&quot;classic&quot;}\">\n\t\t\t<div class=\"elementor-widget-wrap elementor-element-populated\">\n\t\t\t\t\t\t\t\t<div class=\"elementor-element elementor-element-a00abb9 elementor-widget elementor-widget-heading\" data-id=\"a00abb9\" data-element_type=\"widget\" data-widget_type=\"heading.default\">\n\t\t\t\t<div class=\"elementor-widget-container\">\n\t\t\t<h2 class=\"elementor-heading-title elementor-size-default\">Sobre os dons do Esp\u00edrito Santo.<\/h2>\t\t<\/div>\n\t\t\t\t<\/div>\n\t\t\t\t<div class=\"elementor-element elementor-element-aeff220 elementor-widget elementor-widget-text-editor\" data-id=\"aeff220\" data-element_type=\"widget\" data-widget_type=\"text-editor.default\">\n\t\t\t\t<div class=\"elementor-widget-container\">\n\t\t\t\t\t\t\t<p>Acreditamos na continuidade dos dons espirituais descritos nas Escrituras, no batismo no Espirito Santo demonstrado pela evid\u00eancia f\u00edsica do falar em outras l\u00ednguas, conforme a vontade de Deus (At 1.5; 2.4; 10.44-46; 19.1-7).<\/p><p>Acreditamos que os dons espirituais s\u00e3o dados pelo Espirito Santo a sua Ugreja com o intuito de promover edifica\u00e7\u00e3o, conforme Sua soberana vontade para o que for \u00fatil (1Co 12.1-12).<\/p>\t\t\t\t\t\t<\/div>\n\t\t\t\t<\/div>\n\t\t\t\t\t<\/div>\n\t\t<\/div>\n\t\t\t\t<div class=\"elementor-column elementor-col-50 elementor-inner-column elementor-element elementor-element-1ac4622\" data-id=\"1ac4622\" data-element_type=\"column\" data-settings=\"{&quot;background_background&quot;:&quot;classic&quot;}\">\n\t\t\t<div class=\"elementor-widget-wrap elementor-element-populated\">\n\t\t\t\t\t\t\t\t<div class=\"elementor-element elementor-element-b732140 elementor-widget elementor-widget-heading\" data-id=\"b732140\" data-element_type=\"widget\" data-widget_type=\"heading.default\">\n\t\t\t\t<div class=\"elementor-widget-container\">\n\t\t\t<h2 class=\"elementor-heading-title elementor-size-default\">Sobre movimentos espirituais e o mover do Espirito Santo.<\/h2>\t\t<\/div>\n\t\t\t\t<\/div>\n\t\t\t\t<div class=\"elementor-element elementor-element-edad6e8 elementor-widget elementor-widget-text-editor\" data-id=\"edad6e8\" data-element_type=\"widget\" data-widget_type=\"text-editor.default\">\n\t\t\t\t<div class=\"elementor-widget-container\">\n\t\t\t\t\t\t\t<p>Somos uma igreja que prioriza a prega\u00e7\u00e3o da Palavra de Deus como primeira revela\u00e7\u00e3o. Por conta disso rejeitamos movimentos espirituais que causem confus\u00e3o, que n\u00e3o tragam edifica\u00e7\u00e3o ou que n\u00e3o estejam embasados nas Escrituras.<\/p><p>Acreditamos que todo o nosso culto \u00e9 movido pelo Espirito Santo e o mesmo age com ordem e dec\u00eancia das mais variadas formas.<\/p><p>Incentivamos um culto racional, mas instigamos a todos quanto sentem-se movidos pelo Espirito Santo a n\u00e3o extinguirem o mesmo Espirito, mas que venham a dar liberdade em Deus para que este Espirito venha a operar poderosamente em suas vidas, falando em l\u00ednguas, curando, pregando, profetizando e fazendo tudo aquilo que Deus os mandar, pois os dons espirituais de Deus s\u00e3o derramados sobre o seu povo para que Ele venha a manifestar seu poder e grande gloria atrav\u00e9s deles e edificar a Igreja.<\/p>\t\t\t\t\t\t<\/div>\n\t\t\t\t<\/div>\n\t\t\t\t\t<\/div>\n\t\t<\/div>\n\t\t\t\t\t\t\t<\/div>\n\t\t<\/section>\n\t\t\t\t<div class=\"elementor-element elementor-element-aff8731 elementor-widget elementor-widget-spacer\" data-id=\"aff8731\" data-element_type=\"widget\" data-widget_type=\"spacer.default\">\n\t\t\t\t<div class=\"elementor-widget-container\">\n\t\t\t\t\t<div class=\"elementor-spacer\">\n\t\t\t<div class=\"elementor-spacer-inner\"><\/div>\n\t\t<\/div>\n\t\t\t\t<\/div>\n\t\t\t\t<\/div>\n\t\t\t\t\t<\/div>\n\t\t<\/div>\n\t\t\t\t\t\t\t<\/div>\n\t\t<\/section>\n\t\t\t\t<section class=\"elementor-section elementor-top-section elementor-element elementor-element-c4318a4 elementor-hidden-desktop elementor-section-boxed elementor-section-height-default elementor-section-height-default\" data-id=\"c4318a4\" data-element_type=\"section\" data-settings=\"{&quot;background_background&quot;:&quot;classic&quot;}\">\n\t\t\t\t\t\t\t<div class=\"elementor-background-overlay\"><\/div>\n\t\t\t\t\t\t\t<div class=\"elementor-container elementor-column-gap-default\">\n\t\t\t\t\t<div class=\"elementor-column elementor-col-100 elementor-top-column elementor-element elementor-element-45146bb\" data-id=\"45146bb\" data-element_type=\"column\">\n\t\t\t<div class=\"elementor-widget-wrap elementor-element-populated\">\n\t\t\t\t\t\t\t\t<div class=\"elementor-element elementor-element-4c88d8f elementor-icon-list--layout-inline elementor-align-center elementor-list-item-link-full_width elementor-widget elementor-widget-icon-list\" data-id=\"4c88d8f\" data-element_type=\"widget\" data-widget_type=\"icon-list.default\">\n\t\t\t\t<div class=\"elementor-widget-container\">\n\t\t\t\t\t<ul class=\"elementor-icon-list-items elementor-inline-items\">\n\t\t\t\t\t\t\t<li class=\"elementor-icon-list-item elementor-inline-item\">\n\t\t\t\t\t\t\t\t\t\t\t<a href=\"https:\/\/igrejacaminhosdavida.com.br\/index.php\/agenda-mensal\/\">\n\n\t\t\t\t\t\t\t\t\t\t\t\t<span class=\"elementor-icon-list-icon\">\n\t\t\t\t\t\t\t<i aria-hidden=\"true\" class=\"fas fa-book-reader\"><\/i>\t\t\t\t\t\t<\/span>\n\t\t\t\t\t\t\t\t\t\t<span class=\"elementor-icon-list-text\">No que cremos?<\/span>\n\t\t\t\t\t\t\t\t\t\t\t<\/a>\n\t\t\t\t\t\t\t\t\t<\/li>\n\t\t\t\t\t\t<\/ul>\n\t\t\t\t<\/div>\n\t\t\t\t<\/div>\n\t\t\t\t\t<\/div>\n\t\t<\/div>\n\t\t\t\t\t\t\t<\/div>\n\t\t<\/section>\n\t\t\t\t<section class=\"elementor-section elementor-top-section elementor-element elementor-element-9b73eba elementor-hidden-desktop elementor-section-boxed elementor-section-height-default elementor-section-height-default\" data-id=\"9b73eba\" data-element_type=\"section\">\n\t\t\t\t\t\t<div class=\"elementor-container elementor-column-gap-default\">\n\t\t\t\t\t<div class=\"elementor-column elementor-col-100 elementor-top-column elementor-element elementor-element-be64fc2\" data-id=\"be64fc2\" data-element_type=\"column\">\n\t\t\t<div class=\"elementor-widget-wrap elementor-element-populated\">\n\t\t\t\t\t\t\t\t<section class=\"elementor-section elementor-inner-section elementor-element elementor-element-6647d8a elementor-section-boxed elementor-section-height-default elementor-section-height-default\" data-id=\"6647d8a\" data-element_type=\"section\">\n\t\t\t\t\t\t<div class=\"elementor-container elementor-column-gap-default\">\n\t\t\t\t\t<div class=\"elementor-column elementor-col-50 elementor-inner-column elementor-element elementor-element-a3c6d49\" data-id=\"a3c6d49\" data-element_type=\"column\" data-settings=\"{&quot;background_background&quot;:&quot;classic&quot;}\">\n\t\t\t<div class=\"elementor-widget-wrap elementor-element-populated\">\n\t\t\t\t\t\t\t\t<div class=\"elementor-element elementor-element-cd7ec41 elementor-widget elementor-widget-heading\" data-id=\"cd7ec41\" data-element_type=\"widget\" data-widget_type=\"heading.default\">\n\t\t\t\t<div class=\"elementor-widget-container\">\n\t\t\t<h2 class=\"elementor-heading-title elementor-size-default\">O que pensamos sobre B\u00edblia?<\/h2>\t\t<\/div>\n\t\t\t\t<\/div>\n\t\t\t\t<div class=\"elementor-element elementor-element-27ab3c9 elementor-widget elementor-widget-text-editor\" data-id=\"27ab3c9\" data-element_type=\"widget\" data-widget_type=\"text-editor.default\">\n\t\t\t\t<div class=\"elementor-widget-container\">\n\t\t\t\t\t\t\t<p>A B\u00edblia \u00e9 a \u00fanica base da nossa f\u00e9. Acreditamos que ela \u00e9 a infal\u00edvel e inspirada Palavra de Deus. Reconhecemos seus 66 livros que juntos comp\u00f5em o Antigo e o Novo Testamento.<\/p><p>Aceitamos a autoridade final da B\u00edblia no que se referem as doutrinas que ela nos apresenta. Acreditamos que ela foi inspirada pelo Espirito Santo de forma singular, verbal e completa.<\/p>\t\t\t\t\t\t<\/div>\n\t\t\t\t<\/div>\n\t\t\t\t\t<\/div>\n\t\t<\/div>\n\t\t\t\t<div class=\"elementor-column elementor-col-50 elementor-inner-column elementor-element elementor-element-109c23f\" data-id=\"109c23f\" data-element_type=\"column\" data-settings=\"{&quot;background_background&quot;:&quot;classic&quot;}\">\n\t\t\t<div class=\"elementor-widget-wrap elementor-element-populated\">\n\t\t\t\t\t\t\t\t<div class=\"elementor-element elementor-element-e0028ba elementor-widget elementor-widget-heading\" data-id=\"e0028ba\" data-element_type=\"widget\" data-widget_type=\"heading.default\">\n\t\t\t\t<div class=\"elementor-widget-container\">\n\t\t\t<h2 class=\"elementor-heading-title elementor-size-default\">Como compreendemos Jesus Cristo?<\/h2>\t\t<\/div>\n\t\t\t\t<\/div>\n\t\t\t\t<div class=\"elementor-element elementor-element-4f206b7 elementor-widget elementor-widget-text-editor\" data-id=\"4f206b7\" data-element_type=\"widget\" data-widget_type=\"text-editor.default\">\n\t\t\t\t<div class=\"elementor-widget-container\">\n\t\t\t\t\t\t\t<p>Acreditamos em Jesus Cristo e o aceitamos como nosso salvador pessoal. Cremos que ele \u00e9 o Filho Unig\u00eanito de Deus, plenamente Deus, plenamente Homem, na concep\u00e7\u00e3o e no seu nascimento virginal, em sua morte vic\u00e1ria e expiat\u00f3ria, em sua ressurrei\u00e7\u00e3o corporal dentre os mortos e em sua ascens\u00e3o vitoriosa aos c\u00e9us como Salvador do mundo (Jo 3.16-18; Rm 1.3,4; Is 7.14; Mt 1.23; Hb 10.12; Rm 8.34 e At 1.9).<\/p>\t\t\t\t\t\t<\/div>\n\t\t\t\t<\/div>\n\t\t\t\t\t<\/div>\n\t\t<\/div>\n\t\t\t\t\t\t\t<\/div>\n\t\t<\/section>\n\t\t\t\t<section class=\"elementor-section elementor-inner-section elementor-element elementor-element-c3679ad elementor-section-boxed elementor-section-height-default elementor-section-height-default\" data-id=\"c3679ad\" data-element_type=\"section\">\n\t\t\t\t\t\t<div class=\"elementor-container elementor-column-gap-default\">\n\t\t\t\t\t<div class=\"elementor-column elementor-col-50 elementor-inner-column elementor-element elementor-element-09e6bf0\" data-id=\"09e6bf0\" data-element_type=\"column\" data-settings=\"{&quot;background_background&quot;:&quot;classic&quot;}\">\n\t\t\t<div class=\"elementor-widget-wrap elementor-element-populated\">\n\t\t\t\t\t\t\t\t<div class=\"elementor-element elementor-element-cad4560 elementor-widget elementor-widget-heading\" data-id=\"cad4560\" data-element_type=\"widget\" data-widget_type=\"heading.default\">\n\t\t\t\t<div class=\"elementor-widget-container\">\n\t\t\t<h2 class=\"elementor-heading-title elementor-size-default\">Sobre o pecado do Homem.<\/h2>\t\t<\/div>\n\t\t\t\t<\/div>\n\t\t\t\t<div class=\"elementor-element elementor-element-e71df44 elementor-widget elementor-widget-text-editor\" data-id=\"e71df44\" data-element_type=\"widget\" data-widget_type=\"text-editor.default\">\n\t\t\t\t<div class=\"elementor-widget-container\">\n\t\t\t\t\t\t\t<p>Acreditamos no que a Biblia fala sobre o pecado do homem, que \u201ctodos pecaram e destitu\u00eddos est\u00e3o da Gl\u00f3ria de Deus\u201d e que somente o arrependimento e a f\u00e9 na obra expiat\u00f3ria e redentora de Jesus Cristo podem restaur\u00e1-lo a Deus (Rm 3.23; At 3.19).<\/p><p>Acreditamos que o homem precisa crer, se arrepender e confessar os seus pecados, aceitando a Jesus como \u00fanico e suficiente salvador para obter a vida eterna com Cristo.<\/p>\t\t\t\t\t\t<\/div>\n\t\t\t\t<\/div>\n\t\t\t\t\t<\/div>\n\t\t<\/div>\n\t\t\t\t<div class=\"elementor-column elementor-col-50 elementor-inner-column elementor-element elementor-element-a27ac51\" data-id=\"a27ac51\" data-element_type=\"column\" data-settings=\"{&quot;background_background&quot;:&quot;classic&quot;}\">\n\t\t\t<div class=\"elementor-widget-wrap elementor-element-populated\">\n\t\t\t\t\t\t\t\t<div class=\"elementor-element elementor-element-c60b350 elementor-widget elementor-widget-heading\" data-id=\"c60b350\" data-element_type=\"widget\" data-widget_type=\"heading.default\">\n\t\t\t\t<div class=\"elementor-widget-container\">\n\t\t\t<h2 class=\"elementor-heading-title elementor-size-default\">Sobre a salva\u00e7\u00e3o do pecador.<\/h2>\t\t<\/div>\n\t\t\t\t<\/div>\n\t\t\t\t<div class=\"elementor-element elementor-element-87e3b7c elementor-widget elementor-widget-text-editor\" data-id=\"87e3b7c\" data-element_type=\"widget\" data-widget_type=\"text-editor.default\">\n\t\t\t\t<div class=\"elementor-widget-container\">\n\t\t\t\t\t\t\t<p>Cremos que a salva\u00e7\u00e3o dos pecadores \u00e9 completa e concedida inteiramente pela gra\u00e7a (Ef\u00e9sios, 2:8), mas que o homem precisa reconhecer a Jesus como salvador pessoal, confess\u00e1-lo e se tornar seu disc\u00edpulo.<\/p><p>Cremos que o sincero arrependimento nos torna homens justificados pela f\u00e9 diante de Deus, por meio do sacrif\u00edcio do nosso Senhor Jesus Cristo. Em vez da condena\u00e7\u00e3o, obt\u00e9m-se paz, seguran\u00e7a e amparo com Deus; que de bra\u00e7os abertos nos oferece perd\u00e3o e miseric\u00f3rdia (Romanos, 10:6-10; 1 Jo\u00e3o, 1:9).<\/p>\t\t\t\t\t\t<\/div>\n\t\t\t\t<\/div>\n\t\t\t\t\t<\/div>\n\t\t<\/div>\n\t\t\t\t\t\t\t<\/div>\n\t\t<\/section>\n\t\t\t\t<section class=\"elementor-section elementor-inner-section elementor-element elementor-element-339f02e elementor-section-boxed elementor-section-height-default elementor-section-height-default\" data-id=\"339f02e\" data-element_type=\"section\">\n\t\t\t\t\t\t<div class=\"elementor-container elementor-column-gap-default\">\n\t\t\t\t\t<div class=\"elementor-column elementor-col-50 elementor-inner-column elementor-element elementor-element-aa425e3\" data-id=\"aa425e3\" data-element_type=\"column\" data-settings=\"{&quot;background_background&quot;:&quot;classic&quot;}\">\n\t\t\t<div class=\"elementor-widget-wrap elementor-element-populated\">\n\t\t\t\t\t\t\t\t<div class=\"elementor-element elementor-element-0bc68d2 elementor-widget elementor-widget-heading\" data-id=\"0bc68d2\" data-element_type=\"widget\" data-widget_type=\"heading.default\">\n\t\t\t\t<div class=\"elementor-widget-container\">\n\t\t\t<h2 class=\"elementor-heading-title elementor-size-default\">Sobre a Igreja.<\/h2>\t\t<\/div>\n\t\t\t\t<\/div>\n\t\t\t\t<div class=\"elementor-element elementor-element-8a35885 elementor-widget elementor-widget-text-editor\" data-id=\"8a35885\" data-element_type=\"widget\" data-widget_type=\"text-editor.default\">\n\t\t\t\t<div class=\"elementor-widget-container\">\n\t\t\t\t\t\t\t<p>Acreditamos que a igreja comp\u00f5e o Corpo de Cristo na Terra. Cremos que os santos s\u00e3o os eleitos, escolhidos e salvos por Deus e que isso se estende a todos os tempos, todas as eras, a todos os chamados do mundo de todos os lugares. Somos todos irm\u00e3os em Cristo a medida que professamos a mesma f\u00e9. (1Co 12.27; Jo 4.23; 1Tm 3.15; Hb 12.23; Ap 22.17).<\/p>\t\t\t\t\t\t<\/div>\n\t\t\t\t<\/div>\n\t\t\t\t\t<\/div>\n\t\t<\/div>\n\t\t\t\t<div class=\"elementor-column elementor-col-50 elementor-inner-column elementor-element elementor-element-8479880\" data-id=\"8479880\" data-element_type=\"column\" data-settings=\"{&quot;background_background&quot;:&quot;classic&quot;}\">\n\t\t\t<div class=\"elementor-widget-wrap elementor-element-populated\">\n\t\t\t\t\t\t\t\t<div class=\"elementor-element elementor-element-587ba6a elementor-widget elementor-widget-heading\" data-id=\"587ba6a\" data-element_type=\"widget\" data-widget_type=\"heading.default\">\n\t\t\t\t<div class=\"elementor-widget-container\">\n\t\t\t<h2 class=\"elementor-heading-title elementor-size-default\">Sobre o Esp\u00edrito Santo.<\/h2>\t\t<\/div>\n\t\t\t\t<\/div>\n\t\t\t\t<div class=\"elementor-element elementor-element-cc5eb42 elementor-widget elementor-widget-text-editor\" data-id=\"cc5eb42\" data-element_type=\"widget\" data-widget_type=\"text-editor.default\">\n\t\t\t\t<div class=\"elementor-widget-container\">\n\t\t\t\t\t\t\t<p>Acreditamos no Esp\u00edrito Santo, que Ele \u00e9 a terceira pessoa da Trindade Santa, que Ele \u00e9 Deus, que ele e o Pai s\u00e3o um com Cristo.<\/p><p>Cremos que o Espirito Santo \u00e9 nosso Consolador prometido, nossa inspira\u00e7\u00e3o e que \u00e9 por meio dele que servimos e adoramos a Deus e que \u00e9 Ele quem convence o mundo do pecado, da justi\u00e7a e do ju\u00edzo; que regenera o pecador; que falou por meio dos profetas e continua guiando o seu povo (2Co 13.13; 2Co 3.6,17; Rm 8.2; Jo 16.11; Tt 3.5; 2Pe 1.21 e Jo 16.13).<\/p>\t\t\t\t\t\t<\/div>\n\t\t\t\t<\/div>\n\t\t\t\t\t<\/div>\n\t\t<\/div>\n\t\t\t\t\t\t\t<\/div>\n\t\t<\/section>\n\t\t\t\t<section class=\"elementor-section elementor-inner-section elementor-element elementor-element-9ece301 elementor-section-boxed elementor-section-height-default elementor-section-height-default\" data-id=\"9ece301\" data-element_type=\"section\">\n\t\t\t\t\t\t<div class=\"elementor-container elementor-column-gap-default\">\n\t\t\t\t\t<div class=\"elementor-column elementor-col-50 elementor-inner-column elementor-element elementor-element-bbe8e1d\" data-id=\"bbe8e1d\" data-element_type=\"column\" data-settings=\"{&quot;background_background&quot;:&quot;classic&quot;}\">\n\t\t\t<div class=\"elementor-widget-wrap elementor-element-populated\">\n\t\t\t\t\t\t\t\t<div class=\"elementor-element elementor-element-ca8e25d elementor-widget elementor-widget-heading\" data-id=\"ca8e25d\" data-element_type=\"widget\" data-widget_type=\"heading.default\">\n\t\t\t\t<div class=\"elementor-widget-container\">\n\t\t\t<h2 class=\"elementor-heading-title elementor-size-default\">Sobre os dons do Esp\u00edrito Santo.<\/h2>\t\t<\/div>\n\t\t\t\t<\/div>\n\t\t\t\t<div class=\"elementor-element elementor-element-f3f5b10 elementor-widget elementor-widget-text-editor\" data-id=\"f3f5b10\" data-element_type=\"widget\" data-widget_type=\"text-editor.default\">\n\t\t\t\t<div class=\"elementor-widget-container\">\n\t\t\t\t\t\t\t<p>Acreditamos na continuidade dos dons espirituais descritos nas Escrituras, no batismo no Espirito Santo demonstrado pela evid\u00eancia f\u00edsica do falar em outras l\u00ednguas, conforme a vontade de Deus (At 1.5; 2.4; 10.44-46; 19.1-7).<\/p><p>Acreditamos que os dons espirituais s\u00e3o dados pelo Espirito Santo a sua Ugreja com o intuito de promover edifica\u00e7\u00e3o, conforme Sua soberana vontade para o que for \u00fatil (1Co 12.1-12).<\/p>\t\t\t\t\t\t<\/div>\n\t\t\t\t<\/div>\n\t\t\t\t\t<\/div>\n\t\t<\/div>\n\t\t\t\t<div class=\"elementor-column elementor-col-50 elementor-inner-column elementor-element elementor-element-fb17038\" data-id=\"fb17038\" data-element_type=\"column\" data-settings=\"{&quot;background_background&quot;:&quot;classic&quot;}\">\n\t\t\t<div class=\"elementor-widget-wrap elementor-element-populated\">\n\t\t\t\t\t\t\t\t<div class=\"elementor-element elementor-element-b0dc637 elementor-widget elementor-widget-heading\" data-id=\"b0dc637\" data-element_type=\"widget\" data-widget_type=\"heading.default\">\n\t\t\t\t<div class=\"elementor-widget-container\">\n\t\t\t<h2 class=\"elementor-heading-title elementor-size-default\">Sobre movimentos espirituais e o mover do Espirito Santo.<\/h2>\t\t<\/div>\n\t\t\t\t<\/div>\n\t\t\t\t<div class=\"elementor-element elementor-element-74b6987 elementor-widget elementor-widget-text-editor\" data-id=\"74b6987\" data-element_type=\"widget\" data-widget_type=\"text-editor.default\">\n\t\t\t\t<div class=\"elementor-widget-container\">\n\t\t\t\t\t\t\t<p>Somos uma igreja que prioriza a prega\u00e7\u00e3o da Palavra de Deus como primeira revela\u00e7\u00e3o. Por conta disso rejeitamos movimentos espirituais que causem confus\u00e3o, que n\u00e3o tragam edifica\u00e7\u00e3o ou que n\u00e3o estejam embasados nas Escrituras.<\/p><p>Acreditamos que todo o nosso culto \u00e9 movido pelo Espirito Santo e o mesmo age com ordem e dec\u00eancia das mais variadas formas.<\/p><p>Incentivamos um culto racional, mas instigamos a todos quanto sentem-se movidos pelo Espirito Santo a n\u00e3o extinguirem o mesmo Espirito, mas que venham a dar liberdade em Deus para que este Espirito venha a operar poderosamente em suas vidas, falando em l\u00ednguas, curando, pregando, profetizando e fazendo tudo aquilo que Deus os mandar, pois os dons espirituais de Deus s\u00e3o derramados sobre o seu povo para que Ele venha a manifestar seu poder e grande gloria atrav\u00e9s deles e edificar a Igreja.<\/p>\t\t\t\t\t\t<\/div>\n\t\t\t\t<\/div>\n\t\t\t\t\t<\/div>\n\t\t<\/div>\n\t\t\t\t\t\t\t<\/div>\n\t\t<\/section>\n\t\t\t\t<div class=\"elementor-element elementor-element-72f90b6 elementor-widget elementor-widget-spacer\" data-id=\"72f90b6\" data-element_type=\"widget\" data-widget_type=\"spacer.default\">\n\t\t\t\t<div class=\"elementor-widget-container\">\n\t\t\t\t\t<div class=\"elementor-spacer\">\n\t\t\t<div class=\"elementor-spacer-inner\"><\/div>\n\t\t<\/div>\n\t\t\t\t<\/div>\n\t\t\t\t<\/div>\n\t\t\t\t\t<\/div>\n\t\t<\/div>\n\t\t\t\t\t\t\t<\/div>\n\t\t<\/section>\n\t\t\t\t\t\t\t<\/div>\n\t\t","protected":false},"excerpt":{"rendered":"<p>No que cremos? O que pensamos sobre B\u00edblia? A B\u00edblia \u00e9 a \u00fanica base da nossa f\u00e9. Acreditamos que ela \u00e9 a infal\u00edvel e inspirada Palavra de Deus. Reconhecemos seus [&hellip;]<\/p>\n","protected":false},"author":1,"featured_media":0,"parent":0,"menu_order":0,"comment_status":"closed","ping_status":"closed","template":"elementor_header_footer","meta":{"footnotes":""},"class_list":["post-65","page","type-page","status-publish","hentry"],"_links":{"self":[{"href":"https:\/\/igrejacaminhosdavida.com.br\/index.php\/wp-json\/wp\/v2\/pages\/65","targetHints":{"allow":["GET"]}}],"collection":[{"href":"https:\/\/igrejacaminhosdavida.com.br\/index.php\/wp-json\/wp\/v2\/pages"}],"about":[{"href":"https:\/\/igrejacaminhosdavida.com.br\/index.php\/wp-json\/wp\/v2\/types\/page"}],"author":[{"embeddable":true,"href":"https:\/\/igrejacaminhosdavida.com.br\/index.php\/wp-json\/wp\/v2\/users\/1"}],"replies":[{"embeddable":true,"href":"https:\/\/igrejacaminhosdavida.com.br\/index.php\/wp-json\/wp\/v2\/comments?post=65"}],"version-history":[{"count":85,"href":"https:\/\/igrejacaminhosdavida.com.br\/index.php\/wp-json\/wp\/v2\/pages\/65\/revisions"}],"predecessor-version":[{"id":4504,"href":"https:\/\/igrejacaminhosdavida.com.br\/index.php\/wp-json\/wp\/v2\/pages\/65\/revisions\/4504"}],"wp:attachment":[{"href":"https:\/\/igrejacaminhosdavida.com.br\/index.php\/wp-json\/wp\/v2\/media?parent=65"}],"curies":[{"name":"wp","href":"https:\/\/api.w.org\/{rel}","templated":true}]}}